{"id":3600,"date":"2021-08-05T11:21:57","date_gmt":"2021-08-05T17:21:57","guid":{"rendered":"https:\/\/villageatgriesbach.com\/communaute\/lheritage-de-griesbach\/"},"modified":"2022-01-25T12:51:36","modified_gmt":"2022-01-25T19:51:36","slug":"lheritage-de-griesbach","status":"publish","type":"page","link":"https:\/\/villageatgriesbach.com\/fr\/communaute\/lheritage-de-griesbach\/","title":{"rendered":"L\u2019h\u00e9ritage de Griesbach"},"content":{"rendered":"\t\t<div data-elementor-type=\"wp-page\" data-elementor-id=\"3600\" class=\"elementor elementor-3600 elementor-1730\" data-elementor-post-type=\"page\">\n\t\t\t\t\t\t<section class=\"elementor-section elementor-top-section elementor-element elementor-element-a957537 elementor-section-boxed elementor-section-height-default elementor-section-height-default\" data-id=\"a957537\" data-element_type=\"section\" data-settings=\"{&quot;background_background&quot;:&quot;classic&quot;,&quot;_ha_eqh_enable&quot;:false}\">\n\t\t\t\t\t\t\t<div class=\"elementor-background-overlay\"><\/div>\n\t\t\t\t\t\t\t<div class=\"elementor-container elementor-column-gap-default\">\n\t\t\t\t\t<div class=\"elementor-column elementor-col-100 elementor-top-column elementor-element elementor-element-577bfc5\" data-id=\"577bfc5\" data-element_type=\"column\">\n\t\t\t<div class=\"elementor-widget-wrap elementor-element-populated\">\n\t\t\t\t\t\t<div class=\"elementor-element elementor-element-9eab90c elementor-widget elementor-widget-heading\" data-id=\"9eab90c\" data-element_type=\"widget\" data-widget_type=\"heading.default\">\n\t\t\t\t<div class=\"elementor-widget-container\">\n\t\t\t<style>\/*! elementor - v3.22.0 - 17-06-2024 *\/\n.elementor-heading-title{padding:0;margin:0;line-height:1}.elementor-widget-heading .elementor-heading-title[class*=elementor-size-]>a{color:inherit;font-size:inherit;line-height:inherit}.elementor-widget-heading .elementor-heading-title.elementor-size-small{font-size:15px}.elementor-widget-heading .elementor-heading-title.elementor-size-medium{font-size:19px}.elementor-widget-heading .elementor-heading-title.elementor-size-large{font-size:29px}.elementor-widget-heading .elementor-heading-title.elementor-size-xl{font-size:39px}.elementor-widget-heading .elementor-heading-title.elementor-size-xxl{font-size:59px}<\/style><h1 class=\"elementor-heading-title elementor-size-default\">L\u2019h\u00e9ritage de Griesbach<\/h1>\t\t<\/div>\n\t\t\t\t<\/div>\n\t\t\t\t\t<\/div>\n\t\t<\/div>\n\t\t\t\t\t<\/div>\n\t\t<\/section>\n\t\t\t\t<section class=\"elementor-section elementor-top-section elementor-element elementor-element-6936cbd elementor-section-boxed elementor-section-height-default elementor-section-height-default\" data-id=\"6936cbd\" data-element_type=\"section\" data-settings=\"{&quot;_ha_eqh_enable&quot;:false}\">\n\t\t\t\t\t\t<div class=\"elementor-container elementor-column-gap-default\">\n\t\t\t\t\t<div class=\"elementor-column elementor-col-100 elementor-top-column elementor-element elementor-element-edce5e2\" data-id=\"edce5e2\" data-element_type=\"column\">\n\t\t\t<div class=\"elementor-widget-wrap elementor-element-populated\">\n\t\t\t\t\t\t<div class=\"elementor-element elementor-element-f4daa91 elementor-widget elementor-widget-heading\" data-id=\"f4daa91\" data-element_type=\"widget\" data-widget_type=\"heading.default\">\n\t\t\t\t<div class=\"elementor-widget-container\">\n\t\t\t<h3 class=\"elementor-heading-title elementor-size-default\">Le Village \u00e0 Griesbach a \u00e9t\u00e9 construit sur l\u2019ancienne base des Forces canadiennes\u00a0(BFC) Edmonton, \u00e9galement connue sous le nom de casernement Griesbach, nomm\u00e9 d\u2019apr\u00e8s le major-g\u00e9n\u00e9ral William Antrobus\u00a0Griesbach. <\/h3>\t\t<\/div>\n\t\t\t\t<\/div>\n\t\t\t\t<div class=\"elementor-element elementor-element-16f63d4 elementor-widget elementor-widget-text-editor\" data-id=\"16f63d4\" data-element_type=\"widget\" data-widget_type=\"text-editor.default\">\n\t\t\t\t<div class=\"elementor-widget-container\">\n\t\t\t<style>\/*! elementor - v3.22.0 - 17-06-2024 *\/\n.elementor-widget-text-editor.elementor-drop-cap-view-stacked .elementor-drop-cap{background-color:#69727d;color:#fff}.elementor-widget-text-editor.elementor-drop-cap-view-framed .elementor-drop-cap{color:#69727d;border:3px solid;background-color:transparent}.elementor-widget-text-editor:not(.elementor-drop-cap-view-default) .elementor-drop-cap{margin-top:8px}.elementor-widget-text-editor:not(.elementor-drop-cap-view-default) .elementor-drop-cap-letter{width:1em;height:1em}.elementor-widget-text-editor .elementor-drop-cap{float:left;text-align:center;line-height:1;font-size:50px}.elementor-widget-text-editor .elementor-drop-cap-letter{display:inline-block}<\/style>\t\t\t\t<p class=\"p1\"><span class=\"s1\">Le major-g\u00e9n\u00e9ral Griesbach a servi pendant la guerre des Boers, la Premi\u00e8re Guerre mondiale et la Seconde Guerre mondiale. Au cours de la Seconde Guerre mondiale, il a \u00e9t\u00e9 nomm\u00e9 inspecteur g\u00e9n\u00e9ral de l\u2019Arm\u00e9e canadienne pour l\u2019ensemble de l\u2019Ouest canadien. Il a \u00e9t\u00e9 promu major-g\u00e9n\u00e9ral et a pris sa retraite honorablement \u00e0 ce grade. Le major-g\u00e9n\u00e9ral\u00a0Griesbach a \u00e9galement \u00e9t\u00e9 maire d\u2019Edmonton, faisant de lui une personne particuli\u00e8rement importante dans l\u2019histoire d\u2019Edmonton!<\/span><\/p>\n<p class=\"p1\"><span class=\"s1\">Le Village \u00e0 Griesbach int\u00e8gre de nombreux monuments d\u00e9di\u00e9s en l\u2019honneur de la fi\u00e8re histoire militaire de l\u2019emplacement sur lequel le Village \u00e0 Griesbach se trouve, ainsi qu\u2019en l\u2019honneur de l\u2019histoire militaire d\u2019Edmonton et du Canada!<\/span><\/p>\n\t\t\t\t\t\t<\/div>\n\t\t\t\t<\/div>\n\t\t\t\t\t<\/div>\n\t\t<\/div>\n\t\t\t\t\t<\/div>\n\t\t<\/section>\n\t\t\t\t<section class=\"elementor-section elementor-top-section elementor-element elementor-element-c19fd91 elementor-section-boxed elementor-section-height-default elementor-section-height-default\" data-id=\"c19fd91\" data-element_type=\"section\" data-settings=\"{&quot;_ha_eqh_enable&quot;:false}\">\n\t\t\t\t\t\t<div class=\"elementor-container elementor-column-gap-default\">\n\t\t\t\t\t<div class=\"elementor-column elementor-col-100 elementor-top-column elementor-element elementor-element-e0b12ce\" data-id=\"e0b12ce\" data-element_type=\"column\" data-settings=\"{&quot;background_background&quot;:&quot;classic&quot;}\">\n\t\t\t<div class=\"elementor-widget-wrap elementor-element-populated\">\n\t\t\t\t\t\t<section class=\"elementor-section elementor-inner-section elementor-element elementor-element-feaaf0b elementor-section-boxed elementor-section-height-default elementor-section-height-default\" data-id=\"feaaf0b\" data-element_type=\"section\" data-settings=\"{&quot;_ha_eqh_enable&quot;:false}\">\n\t\t\t\t\t\t<div class=\"elementor-container elementor-column-gap-default\">\n\t\t\t\t\t<div class=\"elementor-column elementor-col-50 elementor-inner-column elementor-element elementor-element-4d52eca\" data-id=\"4d52eca\" data-element_type=\"column\">\n\t\t\t<div class=\"elementor-widget-wrap\">\n\t\t\t\t\t\t\t<\/div>\n\t\t<\/div>\n\t\t\t\t<div class=\"elementor-column elementor-col-50 elementor-inner-column elementor-element elementor-element-e7d5c97\" data-id=\"e7d5c97\" data-element_type=\"column\" data-settings=\"{&quot;background_background&quot;:&quot;classic&quot;}\">\n\t\t\t<div class=\"elementor-widget-wrap elementor-element-populated\">\n\t\t\t\t\t\t<div class=\"elementor-element elementor-element-7c9a792 elementor-widget elementor-widget-heading\" data-id=\"7c9a792\" data-element_type=\"widget\" data-widget_type=\"heading.default\">\n\t\t\t\t<div class=\"elementor-widget-container\">\n\t\t\t<h3 class=\"elementor-heading-title elementor-size-default\">Parade du major-g\u00e9n\u00e9ral Griesbach<\/h3>\t\t<\/div>\n\t\t\t\t<\/div>\n\t\t\t\t<div class=\"elementor-element elementor-element-8512763 elementor-widget elementor-widget-text-editor\" data-id=\"8512763\" data-element_type=\"widget\" data-widget_type=\"text-editor.default\">\n\t\t\t\t<div class=\"elementor-widget-container\">\n\t\t\t\t\t\t\t<p class=\"p1\"><span class=\"s1\">Le major-g\u00e9n\u00e9ral William Antrobus\u00a0Griesbach veille sur la collectivit\u00e9 \u00e0 l\u2019entr\u00e9e du rond-point de la communaut\u00e9 nomm\u00e9e en son honneur. Le major-g\u00e9n\u00e9ral\u00a0Griesbach est repr\u00e9sent\u00e9 \u00e0 cheval, car il a jou\u00e9 un r\u00f4le cl\u00e9 dans la cr\u00e9ation d\u2019une unit\u00e9 de cavalerie de milice bas\u00e9e \u00e0 Edmonton, le Loyal Edmonton Regiment.<span class=\"Apple-converted-space\">\u00a0<\/span><\/span><\/p>\n\t\t\t\t\t\t<\/div>\n\t\t\t\t<\/div>\n\t\t\t\t\t<\/div>\n\t\t<\/div>\n\t\t\t\t\t<\/div>\n\t\t<\/section>\n\t\t\t\t\t<\/div>\n\t\t<\/div>\n\t\t\t\t\t<\/div>\n\t\t<\/section>\n\t\t\t\t<section class=\"elementor-section elementor-top-section elementor-element elementor-element-f953a4d elementor-section-boxed elementor-section-height-default elementor-section-height-default\" data-id=\"f953a4d\" data-element_type=\"section\" data-settings=\"{&quot;_ha_eqh_enable&quot;:false}\">\n\t\t\t\t\t\t<div class=\"elementor-container elementor-column-gap-default\">\n\t\t\t\t\t<div class=\"elementor-column elementor-col-50 elementor-top-column elementor-element elementor-element-b717bb5\" data-id=\"b717bb5\" data-element_type=\"column\">\n\t\t\t<div class=\"elementor-widget-wrap elementor-element-populated\">\n\t\t\t\t\t\t<div class=\"elementor-element elementor-element-f4e6ae0 elementor-widget elementor-widget-image\" data-id=\"f4e6ae0\" data-element_type=\"widget\" data-widget_type=\"image.default\">\n\t\t\t\t<div class=\"elementor-widget-container\">\n\t\t\t<style>\/*! elementor - v3.22.0 - 17-06-2024 *\/\n.elementor-widget-image{text-align:center}.elementor-widget-image a{display:inline-block}.elementor-widget-image a img[src$=\".svg\"]{width:48px}.elementor-widget-image img{vertical-align:middle;display:inline-block}<\/style>\t\t\t\t\t\t\t\t\t\t<img fetchpriority=\"high\" decoding=\"async\" width=\"800\" height=\"533\" src=\"https:\/\/villageatgriesbach.com\/wp-content\/uploads\/2021\/04\/patricia-lake-800x533.jpg\" class=\"attachment-medium size-medium wp-image-1808\" alt=\"\" srcset=\"https:\/\/villageatgriesbach.com\/wp-content\/uploads\/2021\/04\/patricia-lake-800x533.jpg 800w, https:\/\/villageatgriesbach.com\/wp-content\/uploads\/2021\/04\/patricia-lake-1920x1280.jpg 1920w, https:\/\/villageatgriesbach.com\/wp-content\/uploads\/2021\/04\/patricia-lake-768x512.jpg 768w, https:\/\/villageatgriesbach.com\/wp-content\/uploads\/2021\/04\/patricia-lake-1536x1024.jpg 1536w, https:\/\/villageatgriesbach.com\/wp-content\/uploads\/2021\/04\/patricia-lake-2048x1365.jpg 2048w, https:\/\/villageatgriesbach.com\/wp-content\/uploads\/2021\/04\/patricia-lake-scaled.jpg 1600w\" sizes=\"(max-width: 800px) 100vw, 800px\" \/>\t\t\t\t\t\t\t\t\t\t\t\t\t<\/div>\n\t\t\t\t<\/div>\n\t\t\t\t<div class=\"elementor-element elementor-element-3bea4eb elementor-widget elementor-widget-heading\" data-id=\"3bea4eb\" data-element_type=\"widget\" data-widget_type=\"heading.default\">\n\t\t\t\t<div class=\"elementor-widget-container\">\n\t\t\t<h3 class=\"elementor-heading-title elementor-size-default\">Lac et parc Patricia<\/h3>\t\t<\/div>\n\t\t\t\t<\/div>\n\t\t\t\t<div class=\"elementor-element elementor-element-462299c elementor-widget elementor-widget-text-editor\" data-id=\"462299c\" data-element_type=\"widget\" data-widget_type=\"text-editor.default\">\n\t\t\t\t<div class=\"elementor-widget-container\">\n\t\t\t\t\t\t\t<p class=\"p1\"><span class=\"s1\">Le site de ce parc a \u00e9t\u00e9 cr\u00e9\u00e9 en l\u2019honneur de l\u2019un des r\u00e9giments militaires les plus accomplis de l\u2019histoire du Canada, le Princess Patricia\u2019s Canadian Light Infantry. Le parc est d\u00e9di\u00e9 \u00e0 la m\u00e9moire des quelque 2\u00a0000\u00a0soldats qui ont donn\u00e9 leur vie au service de ce r\u00e9giment au cours des 100\u00a0derni\u00e8res ann\u00e9es.<\/span><\/p>\n\t\t\t\t\t\t<\/div>\n\t\t\t\t<\/div>\n\t\t\t\t\t<\/div>\n\t\t<\/div>\n\t\t\t\t<div class=\"elementor-column elementor-col-50 elementor-top-column elementor-element elementor-element-5f40145\" data-id=\"5f40145\" data-element_type=\"column\">\n\t\t\t<div class=\"elementor-widget-wrap elementor-element-populated\">\n\t\t\t\t\t\t<div class=\"elementor-element elementor-element-2ed23e7 elementor-widget elementor-widget-image\" data-id=\"2ed23e7\" data-element_type=\"widget\" data-widget_type=\"image.default\">\n\t\t\t\t<div class=\"elementor-widget-container\">\n\t\t\t\t\t\t\t\t\t\t\t\t\t<img decoding=\"async\" width=\"800\" height=\"533\" src=\"https:\/\/villageatgriesbach.com\/wp-content\/uploads\/2021\/04\/bailey-bridge-800x533.jpg\" class=\"attachment-medium size-medium wp-image-1810\" alt=\"\" srcset=\"https:\/\/villageatgriesbach.com\/wp-content\/uploads\/2021\/04\/bailey-bridge-800x533.jpg 800w, https:\/\/villageatgriesbach.com\/wp-content\/uploads\/2021\/04\/bailey-bridge-1920x1280.jpg 1920w, https:\/\/villageatgriesbach.com\/wp-content\/uploads\/2021\/04\/bailey-bridge-768x512.jpg 768w, https:\/\/villageatgriesbach.com\/wp-content\/uploads\/2021\/04\/bailey-bridge-1536x1024.jpg 1536w, https:\/\/villageatgriesbach.com\/wp-content\/uploads\/2021\/04\/bailey-bridge.jpg 1600w\" sizes=\"(max-width: 800px) 100vw, 800px\" \/>\t\t\t\t\t\t\t\t\t\t\t\t\t<\/div>\n\t\t\t\t<\/div>\n\t\t\t\t<div class=\"elementor-element elementor-element-2432d8a elementor-widget elementor-widget-heading\" data-id=\"2432d8a\" data-element_type=\"widget\" data-widget_type=\"heading.default\">\n\t\t\t\t<div class=\"elementor-widget-container\">\n\t\t\t<h3 class=\"elementor-heading-title elementor-size-default\">Pont Bailey de la Seconde Guerre mondiale<\/h3>\t\t<\/div>\n\t\t\t\t<\/div>\n\t\t\t\t<div class=\"elementor-element elementor-element-3b03b06 elementor-widget elementor-widget-text-editor\" data-id=\"3b03b06\" data-element_type=\"widget\" data-widget_type=\"text-editor.default\">\n\t\t\t\t<div class=\"elementor-widget-container\">\n\t\t\t\t\t\t\t<p class=\"p1\"><span class=\"s1\">\u00c0 l\u2019origine, les ponts Bailey \u00e9taient des ponts portables pr\u00e9fabriqu\u00e9s en treillis et ils \u00e9taient utilis\u00e9s par l\u2019arm\u00e9e pendant la Seconde Guerre mondiale. Le Corps du g\u00e9nie royal canadien a con\u00e7u et d\u00e9velopp\u00e9 le plus long pont Bailey jamais construit. Surnomm\u00e9 le \u00ab\u00a0pont Blackfriars\u00a0\u00bb, il surplombait le Rhin \u00e0 Rees, en Allemagne, et mesurait 558\u00a0m\u00e8tres de long! Les ponts Bailey ont aid\u00e9 les forces alli\u00e9es \u00e0 avancer rapidement contre les positions nazies, malgr\u00e9 la destruction des ponts par l\u2019ennemi. Les ponts Bailey ont apport\u00e9 une immense contribution au succ\u00e8s des forces alli\u00e9es et \u00e0 la fin de la Seconde Guerre mondiale.<\/span><\/p>\n\t\t\t\t\t\t<\/div>\n\t\t\t\t<\/div>\n\t\t\t\t\t<\/div>\n\t\t<\/div>\n\t\t\t\t\t<\/div>\n\t\t<\/section>\n\t\t\t\t<section class=\"elementor-section elementor-top-section elementor-element elementor-element-2e2356d elementor-section-boxed elementor-section-height-default elementor-section-height-default\" data-id=\"2e2356d\" data-element_type=\"section\" data-settings=\"{&quot;_ha_eqh_enable&quot;:false}\">\n\t\t\t\t\t\t<div class=\"elementor-container elementor-column-gap-default\">\n\t\t\t\t\t<div class=\"elementor-column elementor-col-100 elementor-top-column elementor-element elementor-element-60a844b\" data-id=\"60a844b\" data-element_type=\"column\" data-settings=\"{&quot;background_background&quot;:&quot;classic&quot;}\">\n\t\t\t<div class=\"elementor-widget-wrap elementor-element-populated\">\n\t\t\t\t\t\t<section class=\"elementor-section elementor-inner-section elementor-element elementor-element-166f4cb elementor-section-boxed elementor-section-height-default elementor-section-height-default\" data-id=\"166f4cb\" data-element_type=\"section\" data-settings=\"{&quot;_ha_eqh_enable&quot;:false}\">\n\t\t\t\t\t\t<div class=\"elementor-container elementor-column-gap-default\">\n\t\t\t\t\t<div class=\"elementor-column elementor-col-50 elementor-inner-column elementor-element elementor-element-67e6c82\" data-id=\"67e6c82\" data-element_type=\"column\">\n\t\t\t<div class=\"elementor-widget-wrap\">\n\t\t\t\t\t\t\t<\/div>\n\t\t<\/div>\n\t\t\t\t<div class=\"elementor-column elementor-col-50 elementor-inner-column elementor-element elementor-element-6009742\" data-id=\"6009742\" data-element_type=\"column\" data-settings=\"{&quot;background_background&quot;:&quot;classic&quot;}\">\n\t\t\t<div class=\"elementor-widget-wrap elementor-element-populated\">\n\t\t\t\t\t\t<div class=\"elementor-element elementor-element-f7d6d9e elementor-widget elementor-widget-heading\" data-id=\"f7d6d9e\" data-element_type=\"widget\" data-widget_type=\"heading.default\">\n\t\t\t\t<div class=\"elementor-widget-container\">\n\t\t\t<h3 class=\"elementor-heading-title elementor-size-default\">Bassin de Bedford<\/h3>\t\t<\/div>\n\t\t\t\t<\/div>\n\t\t\t\t<div class=\"elementor-element elementor-element-1e7e571 elementor-widget elementor-widget-text-editor\" data-id=\"1e7e571\" data-element_type=\"widget\" data-widget_type=\"text-editor.default\">\n\t\t\t\t<div class=\"elementor-widget-container\">\n\t\t\t\t\t\t\t<p class=\"p1\"><span class=\"s1\">Une r\u00e9plique magnifique d\u2019un navire d\u00e9di\u00e9e \u00e0 la Marine royale canadienne a \u00e9t\u00e9 install\u00e9e dans le bassin de Bedford. Le bassin de Bedford est une vaste baie ferm\u00e9e situ\u00e9e dans la partie nord-ouest du port d\u2019Halifax, en Nouvelle-\u00c9cosse, sur la c\u00f4te atlantique du Canada. Le bassin est tr\u00e8s profond et sa solide tenue en a fait un lieu de mouillage id\u00e9al et un emplacement prot\u00e9g\u00e9 pour les navires de guerre pendant la Premi\u00e8re Guerre mondiale, puis pendant la Seconde Guerre mondiale. Une bou\u00e9e Kisbie \u00e0 l\u2019entr\u00e9e de la place Griesbach Navy Plaza rend hommage aux Forces navales du Canada. Le NCSM Nonsuch est la division d\u2019Edmonton de la Marine canadienne\u00a0(R\u00e9serve), un nom qui a un grand h\u00e9ritage dans la ville et en Grande-Bretagne.<\/span><\/p>\n\t\t\t\t\t\t<\/div>\n\t\t\t\t<\/div>\n\t\t\t\t\t<\/div>\n\t\t<\/div>\n\t\t\t\t\t<\/div>\n\t\t<\/section>\n\t\t\t\t\t<\/div>\n\t\t<\/div>\n\t\t\t\t\t<\/div>\n\t\t<\/section>\n\t\t\t\t<section class=\"elementor-section elementor-top-section elementor-element elementor-element-f81c207 elementor-section-boxed elementor-section-height-default elementor-section-height-default\" data-id=\"f81c207\" data-element_type=\"section\" data-settings=\"{&quot;_ha_eqh_enable&quot;:false}\">\n\t\t\t\t\t\t<div class=\"elementor-container elementor-column-gap-default\">\n\t\t\t\t\t<div class=\"elementor-column elementor-col-50 elementor-top-column elementor-element elementor-element-013ba5e\" data-id=\"013ba5e\" data-element_type=\"column\">\n\t\t\t<div class=\"elementor-widget-wrap elementor-element-populated\">\n\t\t\t\t\t\t<div class=\"elementor-element elementor-element-810c6af elementor-widget elementor-widget-image\" data-id=\"810c6af\" data-element_type=\"widget\" data-widget_type=\"image.default\">\n\t\t\t\t<div class=\"elementor-widget-container\">\n\t\t\t\t\t\t\t\t\t\t\t\t\t<img decoding=\"async\" width=\"800\" height=\"533\" src=\"https:\/\/villageatgriesbach.com\/wp-content\/uploads\/2021\/04\/roundel-lake-800x533.jpg\" class=\"attachment-medium size-medium wp-image-1857\" alt=\"\" srcset=\"https:\/\/villageatgriesbach.com\/wp-content\/uploads\/2021\/04\/roundel-lake-800x533.jpg 800w, https:\/\/villageatgriesbach.com\/wp-content\/uploads\/2021\/04\/roundel-lake-1920x1280.jpg 1920w, https:\/\/villageatgriesbach.com\/wp-content\/uploads\/2021\/04\/roundel-lake-768x512.jpg 768w, https:\/\/villageatgriesbach.com\/wp-content\/uploads\/2021\/04\/roundel-lake-1536x1024.jpg 1536w, https:\/\/villageatgriesbach.com\/wp-content\/uploads\/2021\/04\/roundel-lake-2048x1365.jpg 2048w, https:\/\/villageatgriesbach.com\/wp-content\/uploads\/2021\/04\/roundel-lake-scaled.jpg 1600w\" sizes=\"(max-width: 800px) 100vw, 800px\" \/>\t\t\t\t\t\t\t\t\t\t\t\t\t<\/div>\n\t\t\t\t<\/div>\n\t\t\t\t<div class=\"elementor-element elementor-element-89694c1 elementor-widget elementor-widget-heading\" data-id=\"89694c1\" data-element_type=\"widget\" data-widget_type=\"heading.default\">\n\t\t\t\t<div class=\"elementor-widget-container\">\n\t\t\t<h3 class=\"elementor-heading-title elementor-size-default\">Lac Roundel et Ad\u00a0Astra<\/h3>\t\t<\/div>\n\t\t\t\t<\/div>\n\t\t\t\t<div class=\"elementor-element elementor-element-9496273 elementor-widget elementor-widget-text-editor\" data-id=\"9496273\" data-element_type=\"widget\" data-widget_type=\"text-editor.default\">\n\t\t\t\t<div class=\"elementor-widget-container\">\n\t\t\t\t\t\t\t<p class=\"p1\"><span class=\"s1\">Le lac Roundel et le monument Ad\u00a0Astra sont d\u00e9di\u00e9s \u00e0 l\u2019Aviation royale canadienne. \u00ab\u00a0Ad\u00a0Astra\u00a0\u00bb est une devise adopt\u00e9e par l\u2019Aviation royale canadienne, qui signifie \u00ab\u00a0vers les \u00e9toiles\u00a0\u00bb. Le monument repr\u00e9sente une \u00e9toile rayonnante, qui est une acrobatie a\u00e9rienne utilis\u00e9e dans de nombreux spectacles a\u00e9riens militaires. Le monument constitue le point central de la place Ad\u00a0Astra, une piste symbolique avec des repr\u00e9sentations d\u2019appareils de l\u00e9gende tels que le Spitfire, l\u2019Avro\u00a0Arrow et le C-130\u00a0Hercules. Le lac Roundel a \u00e9t\u00e9 nomm\u00e9 ainsi en hommage aux cocardes qui d\u00e9coraient les ailes et le fuselage des avions militaires canadiens.<\/span><\/p>\n\t\t\t\t\t\t<\/div>\n\t\t\t\t<\/div>\n\t\t\t\t\t<\/div>\n\t\t<\/div>\n\t\t\t\t<div class=\"elementor-column elementor-col-50 elementor-top-column elementor-element elementor-element-d01ddb9\" data-id=\"d01ddb9\" data-element_type=\"column\">\n\t\t\t<div class=\"elementor-widget-wrap elementor-element-populated\">\n\t\t\t\t\t\t<div class=\"elementor-element elementor-element-3d582af elementor-widget elementor-widget-image\" data-id=\"3d582af\" data-element_type=\"widget\" data-widget_type=\"image.default\">\n\t\t\t\t<div class=\"elementor-widget-container\">\n\t\t\t\t\t\t\t\t\t\t\t\t\t<img loading=\"lazy\" decoding=\"async\" width=\"800\" height=\"533\" src=\"https:\/\/villageatgriesbach.com\/wp-content\/uploads\/2021\/04\/flanders-field-800x533.jpg\" class=\"attachment-medium size-medium wp-image-1859\" alt=\"\" srcset=\"https:\/\/villageatgriesbach.com\/wp-content\/uploads\/2021\/04\/flanders-field-800x533.jpg 800w, https:\/\/villageatgriesbach.com\/wp-content\/uploads\/2021\/04\/flanders-field-1920x1280.jpg 1920w, https:\/\/villageatgriesbach.com\/wp-content\/uploads\/2021\/04\/flanders-field-768x512.jpg 768w, https:\/\/villageatgriesbach.com\/wp-content\/uploads\/2021\/04\/flanders-field-1536x1024.jpg 1536w, https:\/\/villageatgriesbach.com\/wp-content\/uploads\/2021\/04\/flanders-field-2048x1365.jpg 2048w, https:\/\/villageatgriesbach.com\/wp-content\/uploads\/2021\/04\/flanders-field-scaled.jpg 1600w\" sizes=\"(max-width: 800px) 100vw, 800px\" \/>\t\t\t\t\t\t\t\t\t\t\t\t\t<\/div>\n\t\t\t\t<\/div>\n\t\t\t\t<div class=\"elementor-element elementor-element-3b5979a elementor-widget elementor-widget-heading\" data-id=\"3b5979a\" data-element_type=\"widget\" data-widget_type=\"heading.default\">\n\t\t\t\t<div class=\"elementor-widget-container\">\n\t\t\t<h3 class=\"elementor-heading-title elementor-size-default\">Parc Flanders Field<\/h3>\t\t<\/div>\n\t\t\t\t<\/div>\n\t\t\t\t<div class=\"elementor-element elementor-element-acefa15 elementor-widget elementor-widget-text-editor\" data-id=\"acefa15\" data-element_type=\"widget\" data-widget_type=\"text-editor.default\">\n\t\t\t\t<div class=\"elementor-widget-container\">\n\t\t\t\t\t\t\t<p class=\"p1\"><span class=\"s1\">Ce parc tr\u00e8s particulier souligne le 100<\/span><span class=\"s2\"><sup>e<\/sup><\/span><span class=\"s1\">\u00a0anniversaire du po\u00e8me \u00ab\u00a0In Flanders Fields\u00a0\u00bb, \u00e9crit par le lieutenant-colonel John\u00a0McCrae\u00a0(1872-1918). \u00ab\u00a0In Flanders Fields\u00a0\u00bb est le plus connu des po\u00e8mes ayant la guerre pour th\u00e8me. Le parc dispose de si\u00e8ges entour\u00e9s de coquelicots. Les coquelicots sont le symbole international du souvenir, et partout dans le monde, le coquelicot rouge transmet le message durable que la guerre demeure le dernier recours pour r\u00e9gler des conflits entre les nations, et que nous ne devrions jamais oublier ceux qui ont servi notre pays. Au Canada, le jour du Souvenir a lieu chaque ann\u00e9e le 11\u00a0novembre; le parc Flanders\u00a0Field constitue une comm\u00e9moration et un remerciement aux 100\u00a0000\u00a0Canadiens qui sont morts et aux 225\u00a0000\u00a0qui ont \u00e9t\u00e9 bless\u00e9s pendant la Premi\u00e8re Guerre mondiale et lors des conflits qui ont suivi.<\/span><\/p>\n\t\t\t\t\t\t<\/div>\n\t\t\t\t<\/div>\n\t\t\t\t\t<\/div>\n\t\t<\/div>\n\t\t\t\t\t<\/div>\n\t\t<\/section>\n\t\t\t\t<section class=\"elementor-section elementor-top-section elementor-element elementor-element-9eb1626 elementor-section-boxed elementor-section-height-default elementor-section-height-default\" data-id=\"9eb1626\" data-element_type=\"section\" data-settings=\"{&quot;background_background&quot;:&quot;classic&quot;,&quot;_ha_eqh_enable&quot;:false}\">\n\t\t\t\t\t\t<div class=\"elementor-container elementor-column-gap-default\">\n\t\t\t\t\t<div class=\"elementor-column elementor-col-100 elementor-top-column elementor-element elementor-element-fbce43b\" data-id=\"fbce43b\" data-element_type=\"column\">\n\t\t\t<div class=\"elementor-widget-wrap elementor-element-populated\">\n\t\t\t\t\t\t<div class=\"elementor-element elementor-element-8923c2f elementor-widget elementor-widget-image\" data-id=\"8923c2f\" data-element_type=\"widget\" data-widget_type=\"image.default\">\n\t\t\t\t<div class=\"elementor-widget-container\">\n\t\t\t\t\t\t\t\t\t\t\t\t\t<img loading=\"lazy\" decoding=\"async\" width=\"50\" height=\"44\" src=\"https:\/\/villageatgriesbach.com\/wp-content\/uploads\/2021\/04\/virtual-person.png\" class=\"attachment-large size-large wp-image-1865\" alt=\"\" \/>\t\t\t\t\t\t\t\t\t\t\t\t\t<\/div>\n\t\t\t\t<\/div>\n\t\t\t\t<div class=\"elementor-element elementor-element-cc59315 elementor-widget elementor-widget-heading\" data-id=\"cc59315\" data-element_type=\"widget\" data-widget_type=\"heading.default\">\n\t\t\t\t<div class=\"elementor-widget-container\">\n\t\t\t<h3 class=\"elementor-heading-title elementor-size-default\">Vous voulez en voir plus?<\/h3>\t\t<\/div>\n\t\t\t\t<\/div>\n\t\t\t\t<div class=\"elementor-element elementor-element-7564668 elementor-widget elementor-widget-heading\" data-id=\"7564668\" data-element_type=\"widget\" data-widget_type=\"heading.default\">\n\t\t\t\t<div class=\"elementor-widget-container\">\n\t\t\t<h2 class=\"elementor-heading-title elementor-size-default\">Faites une visite virtuelle de la communaut\u00e9<\/h2>\t\t<\/div>\n\t\t\t\t<\/div>\n\t\t\t\t<div class=\"elementor-element elementor-element-3f59bf0 elementor-align-center elementor-widget elementor-widget-button\" data-id=\"3f59bf0\" data-element_type=\"widget\" data-widget_type=\"button.default\">\n\t\t\t\t<div class=\"elementor-widget-container\">\n\t\t\t\t\t<div class=\"elementor-button-wrapper\">\n\t\t\t<a class=\"elementor-button elementor-button-link elementor-size-sm\" href=\"https:\/\/villageatgriesbach.com\/fr\/visite-virtuelle-de-la-collectivite\/?lang=fr\">\n\t\t\t\t\t\t<span class=\"elementor-button-content-wrapper\">\n\t\t\t\t\t\t\t\t\t<span class=\"elementor-button-text\">Commencer la visite<\/span>\n\t\t\t\t\t<\/span>\n\t\t\t\t\t<\/a>\n\t\t<\/div>\n\t\t\t\t<\/div>\n\t\t\t\t<\/div>\n\t\t\t\t\t<\/div>\n\t\t<\/div>\n\t\t\t\t\t<\/div>\n\t\t<\/section>\n\t\t\t\t<\/div>\n\t\t","protected":false},"excerpt":{"rendered":"<p>L\u2019h\u00e9ritage de Griesbach Le Village \u00e0 Griesbach a \u00e9t\u00e9 construit sur l\u2019ancienne base des Forces canadiennes&nbsp;(BFC) Edmonton, \u00e9galement connue sous le nom de casernement Griesbach, nomm\u00e9 d\u2019apr\u00e8s le major-g\u00e9n\u00e9ral William Antrobus&nbsp;Griesbach. Le major-g\u00e9n\u00e9ral Griesbach a servi pendant la guerre des Boers, la Premi\u00e8re Guerre mondiale et la Seconde Guerre mondiale. Au cours de la Seconde [&hellip;]<\/p>\n","protected":false},"author":16,"featured_media":0,"parent":3572,"menu_order":0,"comment_status":"closed","ping_status":"closed","template":"","meta":{"_acf_changed":false,"_relevanssi_hide_post":"","_relevanssi_hide_content":"","_relevanssi_pin_for_all":"","_relevanssi_pin_keywords":"","_relevanssi_unpin_keywords":"","_relevanssi_related_keywords":"","_relevanssi_related_include_ids":"","_relevanssi_related_exclude_ids":"","_relevanssi_related_no_append":"","_relevanssi_related_not_related":"","_relevanssi_related_posts":"3513,3454,3470,5790,5272,4982","_relevanssi_noindex_reason":"","footnotes":"","_wp_rev_ctl_limit":""},"acf":[],"_links":{"self":[{"href":"https:\/\/villageatgriesbach.com\/fr\/wp-json\/wp\/v2\/pages\/3600"}],"collection":[{"href":"https:\/\/villageatgriesbach.com\/fr\/wp-json\/wp\/v2\/pages"}],"about":[{"href":"https:\/\/villageatgriesbach.com\/fr\/wp-json\/wp\/v2\/types\/page"}],"author":[{"embeddable":true,"href":"https:\/\/villageatgriesbach.com\/fr\/wp-json\/wp\/v2\/users\/16"}],"replies":[{"embeddable":true,"href":"https:\/\/villageatgriesbach.com\/fr\/wp-json\/wp\/v2\/comments?post=3600"}],"version-history":[{"count":5,"href":"https:\/\/villageatgriesbach.com\/fr\/wp-json\/wp\/v2\/pages\/3600\/revisions"}],"predecessor-version":[{"id":6097,"href":"https:\/\/villageatgriesbach.com\/fr\/wp-json\/wp\/v2\/pages\/3600\/revisions\/6097"}],"up":[{"embeddable":true,"href":"https:\/\/villageatgriesbach.com\/fr\/wp-json\/wp\/v2\/pages\/3572"}],"wp:attachment":[{"href":"https:\/\/villageatgriesbach.com\/fr\/wp-json\/wp\/v2\/media?parent=3600"}],"curies":[{"name":"wp","href":"https:\/\/api.w.org\/{rel}","templated":true}]}}